{"id":699,"date":"2023-03-31T13:38:15","date_gmt":"2023-03-31T13:38:15","guid":{"rendered":"http:\/\/desaparecidos.policiacivil.ba.gov.br\/?page_id=699"},"modified":"2023-08-28T11:52:18","modified_gmt":"2023-08-28T11:52:18","slug":"noticias","status":"publish","type":"page","link":"http:\/\/desaparecidos.policiacivil.ba.gov.br\/?page_id=699","title":{"rendered":"Not\u00edcias"},"content":{"rendered":"\t\t<div data-elementor-type=\"wp-page\" data-elementor-id=\"699\" class=\"elementor elementor-699\" data-elementor-post-type=\"page\">\n\t\t\t\t\t\t<section class=\"elementor-section elementor-top-section elementor-element elementor-element-9ce4cf3 elementor-section-height-min-height elementor-section-boxed elementor-section-height-default elementor-section-items-middle\" data-id=\"9ce4cf3\" data-element_type=\"section\" data-settings=\"{&quot;background_background&quot;:&quot;classic&quot;,&quot;jet_parallax_layout_list&quot;:[]}\">\n\t\t\t\t\t\t<div class=\"elementor-container elementor-column-gap-default\">\n\t\t\t\t\t<div class=\"elementor-column elementor-col-100 elementor-top-column elementor-element elementor-element-01979fb\" data-id=\"01979fb\" data-element_type=\"column\">\n\t\t\t<div class=\"elementor-widget-wrap elementor-element-populated\">\n\t\t\t\t\t\t<div class=\"elementor-element elementor-element-c8eb4c2 elementor-widget elementor-widget-heading\" data-id=\"c8eb4c2\" data-element_type=\"widget\" data-widget_type=\"heading.default\">\n\t\t\t\t<div class=\"elementor-widget-container\">\n\t\t\t\t\t<h2 class=\"elementor-heading-title elementor-size-default\">Not\u00edcias<\/h2>\t\t\t\t<\/div>\n\t\t\t\t<\/div>\n\t\t\t\t\t<\/div>\n\t\t<\/div>\n\t\t\t\t\t<\/div>\n\t\t<\/section>\n\t\t\t\t<section class=\"elementor-section elementor-top-section elementor-element elementor-element-7c4a07e3 elementor-section-boxed elementor-section-height-default elementor-section-height-default\" data-id=\"7c4a07e3\" data-element_type=\"section\" data-settings=\"{&quot;jet_parallax_layout_list&quot;:[]}\">\n\t\t\t\t\t\t<div class=\"elementor-container elementor-column-gap-default\">\n\t\t\t\t\t<div class=\"elementor-column elementor-col-50 elementor-top-column elementor-element elementor-element-67f970f7\" data-id=\"67f970f7\" data-element_type=\"column\">\n\t\t\t<div class=\"elementor-widget-wrap elementor-element-populated\">\n\t\t\t\t\t\t<div class=\"elementor-element elementor-element-8956658 elementor-grid-1 elementor-grid-tablet-1 elementor-grid-mobile-1 elementor-posts--thumbnail-top elementor-widget elementor-widget-posts\" data-id=\"8956658\" data-element_type=\"widget\" data-settings=\"{&quot;classic_columns&quot;:&quot;1&quot;,&quot;classic_row_gap&quot;:{&quot;unit&quot;:&quot;px&quot;,&quot;size&quot;:20,&quot;sizes&quot;:[]},&quot;classic_row_gap_mobile&quot;:{&quot;unit&quot;:&quot;px&quot;,&quot;size&quot;:20,&quot;sizes&quot;:[]},&quot;classic_row_gap_tablet&quot;:{&quot;unit&quot;:&quot;px&quot;,&quot;size&quot;:25,&quot;sizes&quot;:[]},&quot;classic_columns_tablet&quot;:&quot;1&quot;,&quot;classic_columns_mobile&quot;:&quot;1&quot;}\" data-widget_type=\"posts.classic\">\n\t\t\t\t<div class=\"elementor-widget-container\">\n\t\t\t\t\t\t\t<div class=\"elementor-posts-container elementor-posts elementor-posts--skin-classic elementor-grid\" role=\"list\">\n\t\t\t\t<article class=\"elementor-post elementor-grid-item post-319 post type-post status-publish format-standard has-post-thumbnail hentry category-uncategorized\" role=\"listitem\">\n\t\t\t\t<a class=\"elementor-post__thumbnail__link\" href=\"http:\/\/desaparecidos.policiacivil.ba.gov.br\/?p=319\" tabindex=\"-1\" >\n\t\t\t<div class=\"elementor-post__thumbnail\"><img fetchpriority=\"high\" decoding=\"async\" width=\"940\" height=\"705\" src=\"http:\/\/desaparecidos.policiacivil.ba.gov.br\/wp-content\/uploads\/2023\/02\/csm_paineis_desaparecidos_estacao_da_lapa_780f485614.jpg\" class=\"attachment-full size-full wp-image-321\" alt=\"\" srcset=\"http:\/\/desaparecidos.policiacivil.ba.gov.br\/wp-content\/uploads\/2023\/02\/csm_paineis_desaparecidos_estacao_da_lapa_780f485614.jpg 940w, http:\/\/desaparecidos.policiacivil.ba.gov.br\/wp-content\/uploads\/2023\/02\/csm_paineis_desaparecidos_estacao_da_lapa_780f485614-300x225.jpg 300w, http:\/\/desaparecidos.policiacivil.ba.gov.br\/wp-content\/uploads\/2023\/02\/csm_paineis_desaparecidos_estacao_da_lapa_780f485614-768x576.jpg 768w\" sizes=\"(max-width: 940px) 100vw, 940px\" \/><\/div>\n\t\t<\/a>\n\t\t\t\t<div class=\"elementor-post__text\">\n\t\t\t\t<h3 class=\"elementor-post__title\">\n\t\t\t<a href=\"http:\/\/desaparecidos.policiacivil.ba.gov.br\/?p=319\" >\n\t\t\t\tPain\u00e9is exibir\u00e3o pessoas desaparecidas nas esta\u00e7\u00f5es de metr\u00f4 em Salvador\t\t\t<\/a>\n\t\t<\/h3>\n\t\t\t\t<div class=\"elementor-post__meta-data\">\n\t\t\t\t\t<span class=\"elementor-post-date\">\n\t\t\t15\/02\/2023\t\t<\/span>\n\t\t\t\t<span class=\"elementor-post-avatar\">\n\t\t\tNenhum coment\u00e1rio\t\t<\/span>\n\t\t\t\t<\/div>\n\t\t\t\t<div class=\"elementor-post__excerpt\">\n\t\t\t<p>A partir da pr\u00f3xima segunda-feira (10) fotos e informa\u00e7\u00f5es de pessoas desaparecidas ser\u00e3o exibidas nos pain\u00e9is eletr\u00f4nicos das esta\u00e7\u00f5es e dos metr\u00f4s em Salvador. A&nbsp;campanha de divulga\u00e7\u00e3o de imagens e v\u00eddeos \u00e9 uma parceria entre a Pol\u00edcia Civil, por meio da Delegacia de Prote\u00e7\u00e3o \u00e0 Pessoa (DPP), e a CCR Metr\u00f4 Bahia para auxiliar na localiza\u00e7\u00e3o de pessoas que desapareceram.&nbsp; As imagens ser\u00e3o divulgadas a partir do registro do desaparecimento na DPP, que pode ser feito na unidade especializada, localizada<\/p>\n\t\t<\/div>\n\t\t\n\t\t<a class=\"elementor-post__read-more\" href=\"http:\/\/desaparecidos.policiacivil.ba.gov.br\/?p=319\" aria-label=\"Leia mais sobre Pain\u00e9is exibir\u00e3o pessoas desaparecidas nas esta\u00e7\u00f5es de metr\u00f4 em Salvador\" tabindex=\"-1\" >\n\t\t\tLeia Mais \u00bb\t\t<\/a>\n\n\t\t\t\t<\/div>\n\t\t\t\t<\/article>\n\t\t\t\t<article class=\"elementor-post elementor-grid-item post-3677 post type-post status-publish format-standard has-post-thumbnail hentry category-uncategorized\" role=\"listitem\">\n\t\t\t\t<a class=\"elementor-post__thumbnail__link\" href=\"http:\/\/desaparecidos.policiacivil.ba.gov.br\/?p=3677\" tabindex=\"-1\" >\n\t\t\t<div class=\"elementor-post__thumbnail\"><img decoding=\"async\" width=\"1536\" height=\"1024\" src=\"http:\/\/desaparecidos.policiacivil.ba.gov.br\/wp-content\/uploads\/2026\/02\/banner-horizontal-dpp.png\" class=\"attachment-full size-full wp-image-3678\" alt=\"\" srcset=\"http:\/\/desaparecidos.policiacivil.ba.gov.br\/wp-content\/uploads\/2026\/02\/banner-horizontal-dpp.png 1536w, http:\/\/desaparecidos.policiacivil.ba.gov.br\/wp-content\/uploads\/2026\/02\/banner-horizontal-dpp-300x200.png 300w, http:\/\/desaparecidos.policiacivil.ba.gov.br\/wp-content\/uploads\/2026\/02\/banner-horizontal-dpp-1024x683.png 1024w, http:\/\/desaparecidos.policiacivil.ba.gov.br\/wp-content\/uploads\/2026\/02\/banner-horizontal-dpp-768x512.png 768w\" sizes=\"(max-width: 1536px) 100vw, 1536px\" \/><\/div>\n\t\t<\/a>\n\t\t\t\t<div class=\"elementor-post__text\">\n\t\t\t\t<h3 class=\"elementor-post__title\">\n\t\t\t<a href=\"http:\/\/desaparecidos.policiacivil.ba.gov.br\/?p=3677\" >\n\t\t\t\tPOL\u00cdCIA CIVIL REALIZA CAMPANHA VOLTADA \u00c0 PREVEN\u00c7\u00c3O AO DESAPARECIMENTO DE CRIAN\u00c7AS NO CARNAVAL: &#8220;N\u00c3O SE PERCA DE MIM, N\u00c3O DESAPARE\u00c7A&#8221;\t\t\t<\/a>\n\t\t<\/h3>\n\t\t\t\t<div class=\"elementor-post__meta-data\">\n\t\t\t\t\t<span class=\"elementor-post-date\">\n\t\t\t16\/02\/2026\t\t<\/span>\n\t\t\t\t<span class=\"elementor-post-avatar\">\n\t\t\tNenhum coment\u00e1rio\t\t<\/span>\n\t\t\t\t<\/div>\n\t\t\t\t<div class=\"elementor-post__excerpt\">\n\t\t\t<p>A Pol\u00edcia Civil da Bahia, por meio da Delegacia de Prote\u00e7\u00e3o \u00e0 Pessoa (DPP) que integra o Departamento de Homic\u00eddios e Prote\u00e7\u00e3o \u00e0 Pessoa &#8211; DHPP, realizou, durante os festejos carnavalescos em Salvador, a\u00e7\u00e3o de conscientiza\u00e7\u00e3o voltada \u00e0 preven\u00e7\u00e3o de desaparecimento de crian\u00e7as. A iniciativa foi desenvolvida dentro da campanha \u201cN\u00e3o se perca de mim, n\u00e3o desapare\u00e7a\u201d, sendo executada no dia do tradicional desfile da Mudan\u00e7a do Garcia, evento que integra a programa\u00e7\u00e3o oficial do Carnaval. Na ocasi\u00e3o, equipe da<\/p>\n\t\t<\/div>\n\t\t\n\t\t<a class=\"elementor-post__read-more\" href=\"http:\/\/desaparecidos.policiacivil.ba.gov.br\/?p=3677\" aria-label=\"Leia mais sobre POL\u00cdCIA CIVIL REALIZA CAMPANHA VOLTADA \u00c0 PREVEN\u00c7\u00c3O AO DESAPARECIMENTO DE CRIAN\u00c7AS NO CARNAVAL: &#8220;N\u00c3O SE PERCA DE MIM, N\u00c3O DESAPARE\u00c7A&#8221;\" tabindex=\"-1\" >\n\t\t\tLeia Mais \u00bb\t\t<\/a>\n\n\t\t\t\t<\/div>\n\t\t\t\t<\/article>\n\t\t\t\t<article class=\"elementor-post elementor-grid-item post-3654 post type-post status-publish format-standard has-post-thumbnail hentry category-uncategorized\" role=\"listitem\">\n\t\t\t\t<a class=\"elementor-post__thumbnail__link\" href=\"http:\/\/desaparecidos.policiacivil.ba.gov.br\/?p=3654\" tabindex=\"-1\" >\n\t\t\t<div class=\"elementor-post__thumbnail\"><img decoding=\"async\" width=\"960\" height=\"1280\" src=\"http:\/\/desaparecidos.policiacivil.ba.gov.br\/wp-content\/uploads\/2026\/02\/WhatsApp-Image-2026-02-05-at-18.33.08.jpeg\" class=\"attachment-full size-full wp-image-3655\" alt=\"\" srcset=\"http:\/\/desaparecidos.policiacivil.ba.gov.br\/wp-content\/uploads\/2026\/02\/WhatsApp-Image-2026-02-05-at-18.33.08.jpeg 960w, http:\/\/desaparecidos.policiacivil.ba.gov.br\/wp-content\/uploads\/2026\/02\/WhatsApp-Image-2026-02-05-at-18.33.08-225x300.jpeg 225w, http:\/\/desaparecidos.policiacivil.ba.gov.br\/wp-content\/uploads\/2026\/02\/WhatsApp-Image-2026-02-05-at-18.33.08-768x1024.jpeg 768w\" sizes=\"(max-width: 960px) 100vw, 960px\" \/><\/div>\n\t\t<\/a>\n\t\t\t\t<div class=\"elementor-post__text\">\n\t\t\t\t<h3 class=\"elementor-post__title\">\n\t\t\t<a href=\"http:\/\/desaparecidos.policiacivil.ba.gov.br\/?p=3654\" >\n\t\t\t\tBusca chega ao fim e traz dignidade e paz \u00e0 fam\u00edlia de Ana Caroline\t\t\t<\/a>\n\t\t<\/h3>\n\t\t\t\t<div class=\"elementor-post__meta-data\">\n\t\t\t\t\t<span class=\"elementor-post-date\">\n\t\t\t09\/02\/2026\t\t<\/span>\n\t\t\t\t<span class=\"elementor-post-avatar\">\n\t\t\tNenhum coment\u00e1rio\t\t<\/span>\n\t\t\t\t<\/div>\n\t\t\t\t<div class=\"elementor-post__excerpt\">\n\t\t\t<p>A Delegacia de Prote\u00e7\u00e3o \u00e0 Pessoa (DPP), com apoio de outros unidades e for\u00e7as de seguran\u00e7a (DH Central, Gcap, 22\u00ba BPM\/ Cajazeiras, DPT, Corpo de Bombeiros, Sialc), localizou, na tarde do dia 05\/02\/2026, o corpo de Ana Caroline de Jesus Santos, 21 anos, desaparecida desde 01\/02\/2026. O desaparecimento foi registrado por meio do BO n\u00ba 94319\/2026, lavrado na DPP em 04\/02\/2026, ap\u00f3s comunica\u00e7\u00e3o da irm\u00e3 da v\u00edtima, que informou que Ana Caroline havia sido vista pela \u00faltima vez no bairro<\/p>\n\t\t<\/div>\n\t\t\n\t\t<a class=\"elementor-post__read-more\" href=\"http:\/\/desaparecidos.policiacivil.ba.gov.br\/?p=3654\" aria-label=\"Leia mais sobre Busca chega ao fim e traz dignidade e paz \u00e0 fam\u00edlia de Ana Caroline\" tabindex=\"-1\" >\n\t\t\tLeia Mais \u00bb\t\t<\/a>\n\n\t\t\t\t<\/div>\n\t\t\t\t<\/article>\n\t\t\t\t<article class=\"elementor-post elementor-grid-item post-1073 post type-post status-publish format-standard has-post-thumbnail hentry category-uncategorized\" role=\"listitem\">\n\t\t\t\t<a class=\"elementor-post__thumbnail__link\" href=\"http:\/\/desaparecidos.policiacivil.ba.gov.br\/?p=1073\" tabindex=\"-1\" >\n\t\t\t<div class=\"elementor-post__thumbnail\"><img loading=\"lazy\" decoding=\"async\" width=\"940\" height=\"627\" src=\"http:\/\/desaparecidos.policiacivil.ba.gov.br\/wp-content\/uploads\/2023\/06\/desaparecidos_metro.jpeg\" class=\"attachment-full size-full wp-image-1074\" alt=\"\" srcset=\"http:\/\/desaparecidos.policiacivil.ba.gov.br\/wp-content\/uploads\/2023\/06\/desaparecidos_metro.jpeg 940w, http:\/\/desaparecidos.policiacivil.ba.gov.br\/wp-content\/uploads\/2023\/06\/desaparecidos_metro-300x200.jpeg 300w, http:\/\/desaparecidos.policiacivil.ba.gov.br\/wp-content\/uploads\/2023\/06\/desaparecidos_metro-768x512.jpeg 768w\" sizes=\"(max-width: 940px) 100vw, 940px\" \/><\/div>\n\t\t<\/a>\n\t\t\t\t<div class=\"elementor-post__text\">\n\t\t\t\t<h3 class=\"elementor-post__title\">\n\t\t\t<a href=\"http:\/\/desaparecidos.policiacivil.ba.gov.br\/?p=1073\" >\n\t\t\t\tImagens de pessoas desaparecidas passam a ser exibidas no metr\u00f4\t\t\t<\/a>\n\t\t<\/h3>\n\t\t\t\t<div class=\"elementor-post__meta-data\">\n\t\t\t\t\t<span class=\"elementor-post-date\">\n\t\t\t09\/06\/2023\t\t<\/span>\n\t\t\t\t<span class=\"elementor-post-avatar\">\n\t\t\tNenhum coment\u00e1rio\t\t<\/span>\n\t\t\t\t<\/div>\n\t\t\t\t<div class=\"elementor-post__excerpt\">\n\t\t\t<p>Os pain\u00e9is eletr\u00f4nicos instalados em todos os trens e plataformas das esta\u00e7\u00f5es do metr\u00f4 de Salvador e Lauro de Freitas passaram a exibir imagens com informa\u00e7\u00f5es de pessoas que est\u00e3o desaparecidas.<\/p>\n\t\t<\/div>\n\t\t\n\t\t<a class=\"elementor-post__read-more\" href=\"http:\/\/desaparecidos.policiacivil.ba.gov.br\/?p=1073\" aria-label=\"Leia mais sobre Imagens de pessoas desaparecidas passam a ser exibidas no metr\u00f4\" tabindex=\"-1\" >\n\t\t\tLeia Mais \u00bb\t\t<\/a>\n\n\t\t\t\t<\/div>\n\t\t\t\t<\/article>\n\t\t\t\t<\/div>\n\t\t\n\t\t\t\t\t\t<\/div>\n\t\t\t\t<\/div>\n\t\t\t\t\t<\/div>\n\t\t<\/div>\n\t\t\t\t<div class=\"elementor-column elementor-col-50 elementor-top-column elementor-element elementor-element-582734b5\" data-id=\"582734b5\" data-element_type=\"column\">\n\t\t\t<div class=\"elementor-widget-wrap elementor-element-populated\">\n\t\t\t\t\t\t<section class=\"elementor-section elementor-inner-section elementor-element elementor-element-479da76b elementor-section-boxed elementor-section-height-default elementor-section-height-default\" data-id=\"479da76b\" data-element_type=\"section\" data-settings=\"{&quot;sticky&quot;:&quot;top&quot;,&quot;sticky_parent&quot;:&quot;yes&quot;,&quot;jet_parallax_layout_list&quot;:[],&quot;sticky_on&quot;:[&quot;desktop&quot;,&quot;tablet&quot;,&quot;mobile&quot;],&quot;sticky_offset&quot;:0,&quot;sticky_effects_offset&quot;:0,&quot;sticky_anchor_link_offset&quot;:0}\">\n\t\t\t\t\t\t<div class=\"elementor-container elementor-column-gap-no\">\n\t\t\t\t\t<div class=\"elementor-column elementor-col-100 elementor-inner-column elementor-element elementor-element-63e4eeea\" data-id=\"63e4eeea\" data-element_type=\"column\">\n\t\t\t<div class=\"elementor-widget-wrap elementor-element-populated\">\n\t\t\t\t\t\t<div class=\"elementor-element elementor-element-4cec253f elementor-search-form--skin-classic elementor-search-form--button-type-icon elementor-search-form--icon-search elementor-widget elementor-widget-search-form\" data-id=\"4cec253f\" data-element_type=\"widget\" data-settings=\"{&quot;skin&quot;:&quot;classic&quot;}\" data-widget_type=\"search-form.default\">\n\t\t\t\t<div class=\"elementor-widget-container\">\n\t\t\t\t\t\t\t<search role=\"search\">\n\t\t\t<form class=\"elementor-search-form\" action=\"http:\/\/desaparecidos.policiacivil.ba.gov.br\" method=\"get\">\n\t\t\t\t\t\t\t\t\t\t\t\t<div class=\"elementor-search-form__container\">\n\t\t\t\t\t<label class=\"elementor-screen-only\" for=\"elementor-search-form-4cec253f\">Pesquisar<\/label>\n\n\t\t\t\t\t\n\t\t\t\t\t<input id=\"elementor-search-form-4cec253f\" placeholder=\"Buscar ...\" class=\"elementor-search-form__input\" type=\"search\" name=\"s\" value=\"\">\n\t\t\t\t\t\n\t\t\t\t\t\t\t\t\t\t\t<button class=\"elementor-search-form__submit\" type=\"submit\" aria-label=\"Pesquisar\">\n\t\t\t\t\t\t\t\t\t\t\t\t\t\t\t<i aria-hidden=\"true\" class=\"fas fa-search\"><\/i>\t\t\t\t\t\t\t\t\t\t\t\t\t<\/button>\n\t\t\t\t\t\n\t\t\t\t\t\t\t\t\t<\/div>\n\t\t\t<\/form>\n\t\t<\/search>\n\t\t\t\t\t\t<\/div>\n\t\t\t\t<\/div>\n\t\t\t\t<div class=\"elementor-element elementor-element-130ba484 elementor-widget elementor-widget-heading\" data-id=\"130ba484\" data-element_type=\"widget\" data-settings=\"{&quot;_animation&quot;:&quot;none&quot;}\" data-widget_type=\"heading.default\">\n\t\t\t\t<div class=\"elementor-widget-container\">\n\t\t\t\t\t<h2 class=\"elementor-heading-title elementor-size-default\">\u00daltimas Noti\u00edcias<\/h2>\t\t\t\t<\/div>\n\t\t\t\t<\/div>\n\t\t\t\t<div class=\"elementor-element elementor-element-13b2bc45 elementor-widget-divider--view-line elementor-widget elementor-widget-divider\" data-id=\"13b2bc45\" data-element_type=\"widget\" data-widget_type=\"divider.default\">\n\t\t\t\t<div class=\"elementor-widget-container\">\n\t\t\t\t\t\t\t<div class=\"elementor-divider\">\n\t\t\t<span class=\"elementor-divider-separator\">\n\t\t\t\t\t\t<\/span>\n\t\t<\/div>\n\t\t\t\t\t\t<\/div>\n\t\t\t\t<\/div>\n\t\t\t\t<div class=\"elementor-element elementor-element-1b60e964 elementor-grid-1 elementor-posts--thumbnail-left elementor-grid-tablet-2 elementor-grid-mobile-1 elementor-widget elementor-widget-posts\" data-id=\"1b60e964\" data-element_type=\"widget\" data-settings=\"{&quot;classic_columns&quot;:&quot;1&quot;,&quot;classic_row_gap&quot;:{&quot;unit&quot;:&quot;px&quot;,&quot;size&quot;:20,&quot;sizes&quot;:[]},&quot;classic_row_gap_mobile&quot;:{&quot;unit&quot;:&quot;px&quot;,&quot;size&quot;:20,&quot;sizes&quot;:[]},&quot;classic_row_gap_tablet&quot;:{&quot;unit&quot;:&quot;px&quot;,&quot;size&quot;:25,&quot;sizes&quot;:[]},&quot;classic_columns_tablet&quot;:&quot;2&quot;,&quot;classic_columns_mobile&quot;:&quot;1&quot;}\" data-widget_type=\"posts.classic\">\n\t\t\t\t<div class=\"elementor-widget-container\">\n\t\t\t\t\t\t\t<div class=\"elementor-posts-container elementor-posts elementor-posts--skin-classic elementor-grid\" role=\"list\">\n\t\t\t\t<article class=\"elementor-post elementor-grid-item post-3677 post type-post status-publish format-standard has-post-thumbnail hentry category-uncategorized\" role=\"listitem\">\n\t\t\t\t<a class=\"elementor-post__thumbnail__link\" href=\"http:\/\/desaparecidos.policiacivil.ba.gov.br\/?p=3677\" tabindex=\"-1\" >\n\t\t\t<div class=\"elementor-post__thumbnail\"><img decoding=\"async\" width=\"1536\" height=\"1024\" src=\"http:\/\/desaparecidos.policiacivil.ba.gov.br\/wp-content\/uploads\/2026\/02\/banner-horizontal-dpp.png\" class=\"attachment-full size-full wp-image-3678\" alt=\"\" srcset=\"http:\/\/desaparecidos.policiacivil.ba.gov.br\/wp-content\/uploads\/2026\/02\/banner-horizontal-dpp.png 1536w, http:\/\/desaparecidos.policiacivil.ba.gov.br\/wp-content\/uploads\/2026\/02\/banner-horizontal-dpp-300x200.png 300w, http:\/\/desaparecidos.policiacivil.ba.gov.br\/wp-content\/uploads\/2026\/02\/banner-horizontal-dpp-1024x683.png 1024w, http:\/\/desaparecidos.policiacivil.ba.gov.br\/wp-content\/uploads\/2026\/02\/banner-horizontal-dpp-768x512.png 768w\" sizes=\"(max-width: 1536px) 100vw, 1536px\" \/><\/div>\n\t\t<\/a>\n\t\t\t\t<div class=\"elementor-post__text\">\n\t\t\t\t<h3 class=\"elementor-post__title\">\n\t\t\t<a href=\"http:\/\/desaparecidos.policiacivil.ba.gov.br\/?p=3677\" >\n\t\t\t\tPOL\u00cdCIA CIVIL REALIZA CAMPANHA VOLTADA \u00c0 PREVEN\u00c7\u00c3O AO DESAPARECIMENTO DE CRIAN\u00c7AS NO CARNAVAL: &#8220;N\u00c3O SE PERCA DE MIM, N\u00c3O DESAPARE\u00c7A&#8221;\t\t\t<\/a>\n\t\t<\/h3>\n\t\t\t\t<div class=\"elementor-post__meta-data\">\n\t\t\t\t\t<span class=\"elementor-post-date\">\n\t\t\t16\/02\/2026\t\t<\/span>\n\t\t\t\t<span class=\"elementor-post-avatar\">\n\t\t\tNenhum coment\u00e1rio\t\t<\/span>\n\t\t\t\t<\/div>\n\t\t\t\t<\/div>\n\t\t\t\t<\/article>\n\t\t\t\t<article class=\"elementor-post elementor-grid-item post-1073 post type-post status-publish format-standard has-post-thumbnail hentry category-uncategorized\" role=\"listitem\">\n\t\t\t\t<a class=\"elementor-post__thumbnail__link\" href=\"http:\/\/desaparecidos.policiacivil.ba.gov.br\/?p=1073\" tabindex=\"-1\" >\n\t\t\t<div class=\"elementor-post__thumbnail\"><img loading=\"lazy\" decoding=\"async\" width=\"940\" height=\"627\" src=\"http:\/\/desaparecidos.policiacivil.ba.gov.br\/wp-content\/uploads\/2023\/06\/desaparecidos_metro.jpeg\" class=\"attachment-full size-full wp-image-1074\" alt=\"\" srcset=\"http:\/\/desaparecidos.policiacivil.ba.gov.br\/wp-content\/uploads\/2023\/06\/desaparecidos_metro.jpeg 940w, http:\/\/desaparecidos.policiacivil.ba.gov.br\/wp-content\/uploads\/2023\/06\/desaparecidos_metro-300x200.jpeg 300w, http:\/\/desaparecidos.policiacivil.ba.gov.br\/wp-content\/uploads\/2023\/06\/desaparecidos_metro-768x512.jpeg 768w\" sizes=\"(max-width: 940px) 100vw, 940px\" \/><\/div>\n\t\t<\/a>\n\t\t\t\t<div class=\"elementor-post__text\">\n\t\t\t\t<h3 class=\"elementor-post__title\">\n\t\t\t<a href=\"http:\/\/desaparecidos.policiacivil.ba.gov.br\/?p=1073\" >\n\t\t\t\tImagens de pessoas desaparecidas passam a ser exibidas no metr\u00f4\t\t\t<\/a>\n\t\t<\/h3>\n\t\t\t\t<div class=\"elementor-post__meta-data\">\n\t\t\t\t\t<span class=\"elementor-post-date\">\n\t\t\t09\/06\/2023\t\t<\/span>\n\t\t\t\t<span class=\"elementor-post-avatar\">\n\t\t\tNenhum coment\u00e1rio\t\t<\/span>\n\t\t\t\t<\/div>\n\t\t\t\t<\/div>\n\t\t\t\t<\/article>\n\t\t\t\t<article class=\"elementor-post elementor-grid-item post-3654 post type-post status-publish format-standard has-post-thumbnail hentry category-uncategorized\" role=\"listitem\">\n\t\t\t\t<a class=\"elementor-post__thumbnail__link\" href=\"http:\/\/desaparecidos.policiacivil.ba.gov.br\/?p=3654\" tabindex=\"-1\" >\n\t\t\t<div class=\"elementor-post__thumbnail\"><img decoding=\"async\" width=\"960\" height=\"1280\" src=\"http:\/\/desaparecidos.policiacivil.ba.gov.br\/wp-content\/uploads\/2026\/02\/WhatsApp-Image-2026-02-05-at-18.33.08.jpeg\" class=\"attachment-full size-full wp-image-3655\" alt=\"\" srcset=\"http:\/\/desaparecidos.policiacivil.ba.gov.br\/wp-content\/uploads\/2026\/02\/WhatsApp-Image-2026-02-05-at-18.33.08.jpeg 960w, http:\/\/desaparecidos.policiacivil.ba.gov.br\/wp-content\/uploads\/2026\/02\/WhatsApp-Image-2026-02-05-at-18.33.08-225x300.jpeg 225w, http:\/\/desaparecidos.policiacivil.ba.gov.br\/wp-content\/uploads\/2026\/02\/WhatsApp-Image-2026-02-05-at-18.33.08-768x1024.jpeg 768w\" sizes=\"(max-width: 960px) 100vw, 960px\" \/><\/div>\n\t\t<\/a>\n\t\t\t\t<div class=\"elementor-post__text\">\n\t\t\t\t<h3 class=\"elementor-post__title\">\n\t\t\t<a href=\"http:\/\/desaparecidos.policiacivil.ba.gov.br\/?p=3654\" >\n\t\t\t\tBusca chega ao fim e traz dignidade e paz \u00e0 fam\u00edlia de Ana Caroline\t\t\t<\/a>\n\t\t<\/h3>\n\t\t\t\t<div class=\"elementor-post__meta-data\">\n\t\t\t\t\t<span class=\"elementor-post-date\">\n\t\t\t09\/02\/2026\t\t<\/span>\n\t\t\t\t<span class=\"elementor-post-avatar\">\n\t\t\tNenhum coment\u00e1rio\t\t<\/span>\n\t\t\t\t<\/div>\n\t\t\t\t<\/div>\n\t\t\t\t<\/article>\n\t\t\t\t<article class=\"elementor-post elementor-grid-item post-2228 post type-post status-publish format-standard has-post-thumbnail hentry category-uncategorized\" role=\"listitem\">\n\t\t\t\t<a class=\"elementor-post__thumbnail__link\" href=\"http:\/\/desaparecidos.policiacivil.ba.gov.br\/?p=2228\" tabindex=\"-1\" >\n\t\t\t<div class=\"elementor-post__thumbnail\"><img loading=\"lazy\" decoding=\"async\" width=\"650\" height=\"435\" src=\"http:\/\/desaparecidos.policiacivil.ba.gov.br\/wp-content\/uploads\/2024\/08\/coleta-dna-campanha-nacional-policia-civil-ba.jpg\" class=\"attachment-full size-full wp-image-2231\" alt=\"\" srcset=\"http:\/\/desaparecidos.policiacivil.ba.gov.br\/wp-content\/uploads\/2024\/08\/coleta-dna-campanha-nacional-policia-civil-ba.jpg 650w, http:\/\/desaparecidos.policiacivil.ba.gov.br\/wp-content\/uploads\/2024\/08\/coleta-dna-campanha-nacional-policia-civil-ba-300x201.jpg 300w\" sizes=\"(max-width: 650px) 100vw, 650px\" \/><\/div>\n\t\t<\/a>\n\t\t\t\t<div class=\"elementor-post__text\">\n\t\t\t\t<h3 class=\"elementor-post__title\">\n\t\t\t<a href=\"http:\/\/desaparecidos.policiacivil.ba.gov.br\/?p=2228\" >\n\t\t\t\tPol\u00edcia Civil da Bahia integra Campanha Nacional de Identifica\u00e7\u00e3o de Pessoas Desaparecidas\t\t\t<\/a>\n\t\t<\/h3>\n\t\t\t\t<div class=\"elementor-post__meta-data\">\n\t\t\t\t\t<span class=\"elementor-post-date\">\n\t\t\t26\/08\/2024\t\t<\/span>\n\t\t\t\t<span class=\"elementor-post-avatar\">\n\t\t\tNenhum coment\u00e1rio\t\t<\/span>\n\t\t\t\t<\/div>\n\t\t\t\t<\/div>\n\t\t\t\t<\/article>\n\t\t\t\t<\/div>\n\t\t\n\t\t\t\t\t\t<\/div>\n\t\t\t\t<\/div>\n\t\t\t\t<div class=\"elementor-element elementor-element-1c2f063d elementor-widget-divider--view-line elementor-widget elementor-widget-divider\" data-id=\"1c2f063d\" data-element_type=\"widget\" data-widget_type=\"divider.default\">\n\t\t\t\t<div class=\"elementor-widget-container\">\n\t\t\t\t\t\t\t<div class=\"elementor-divider\">\n\t\t\t<span class=\"elementor-divider-separator\">\n\t\t\t\t\t\t<\/span>\n\t\t<\/div>\n\t\t\t\t\t\t<\/div>\n\t\t\t\t<\/div>\n\t\t\t\t<div class=\"elementor-element elementor-element-1971aed2 elementor-cta--skin-cover elementor-cta--valign-bottom elementor-bg-transform elementor-bg-transform-move-left elementor-widget elementor-widget-call-to-action\" data-id=\"1971aed2\" data-element_type=\"widget\" data-settings=\"{&quot;_animation&quot;:&quot;none&quot;}\" data-widget_type=\"call-to-action.default\">\n\t\t\t\t<div class=\"elementor-widget-container\">\n\t\t\t\t\t\t\t<div class=\"elementor-cta\">\n\t\t\t\t\t<div class=\"elementor-cta__bg-wrapper\">\n\t\t\t\t<div class=\"elementor-cta__bg elementor-bg\" style=\"background-image: url(http:\/\/desaparecidos.policiacivil.ba.gov.br\/wp-content\/uploads\/2023\/03\/Dhpp_1.jpeg);\" role=\"img\" aria-label=\"\"><\/div>\n\t\t\t\t<div class=\"elementor-cta__bg-overlay\"><\/div>\n\t\t\t<\/div>\n\t\t\t\t\t\t\t<div class=\"elementor-cta__content\">\n\t\t\t\t\n\t\t\t\t\t\t\t\t\t<h3 class=\"elementor-cta__title elementor-cta__content-item elementor-content-item\">\n\t\t\t\t\t\t\u00daLTIMAS NOT\u00cdCIAS SOBRE PESSSOAS DESAPARECIDAS NO ESTADO DA BAHIA\t\t\t\t\t<\/h3>\n\t\t\t\t\n\t\t\t\t\t\t\t\t\t<div class=\"elementor-cta__description elementor-cta__content-item elementor-content-item\">\n\t\t\t\t\t\tTem alguma not\u00edcia sobre pessoas desaprecidas?\t\t\t\t\t<\/div>\n\t\t\t\t\n\t\t\t\t\t\t\t\t\t<div class=\"elementor-cta__button-wrapper elementor-cta__content-item elementor-content-item \">\n\t\t\t\t\t<a class=\"elementor-cta__button elementor-button elementor-size-xs\" href=\"http:\/\/desaparecidos.policiacivil.ba.gov.br\/contato\/\">\n\t\t\t\t\t\tquero ajudar\t\t\t\t\t<\/a>\n\t\t\t\t\t<\/div>\n\t\t\t\t\t\t\t<\/div>\n\t\t\t\t\t\t<\/div>\n\t\t\t\t\t\t<\/div>\n\t\t\t\t<\/div>\n\t\t\t\t\t<\/div>\n\t\t<\/div>\n\t\t\t\t\t<\/div>\n\t\t<\/section>\n\t\t\t\t\t<\/div>\n\t\t<\/div>\n\t\t\t\t\t<\/div>\n\t\t<\/section>\n\t\t\t\t<\/div>\n\t\t","protected":false},"excerpt":{"rendered":"<p>Not\u00edcias \u00daltimas Noti\u00edcias \u00daLTIMAS NOT\u00cdCIAS SOBRE PESSSOAS DESAPARECIDAS NO ESTADO DA BAHIA Tem alguma not\u00edcia sobre pessoas desaprecidas? quero ajudar<\/p>\n","protected":false},"author":2,"featured_media":0,"parent":0,"menu_order":0,"comment_status":"closed","ping_status":"closed","template":"","meta":{"footnotes":""},"class_list":["post-699","page","type-page","status-publish","hentry"],"_links":{"self":[{"href":"http:\/\/desaparecidos.policiacivil.ba.gov.br\/index.php?rest_route=\/wp\/v2\/pages\/699","targetHints":{"allow":["GET"]}}],"collection":[{"href":"http:\/\/desaparecidos.policiacivil.ba.gov.br\/index.php?rest_route=\/wp\/v2\/pages"}],"about":[{"href":"http:\/\/desaparecidos.policiacivil.ba.gov.br\/index.php?rest_route=\/wp\/v2\/types\/page"}],"author":[{"embeddable":true,"href":"http:\/\/desaparecidos.policiacivil.ba.gov.br\/index.php?rest_route=\/wp\/v2\/users\/2"}],"replies":[{"embeddable":true,"href":"http:\/\/desaparecidos.policiacivil.ba.gov.br\/index.php?rest_route=%2Fwp%2Fv2%2Fcomments&post=699"}],"version-history":[{"count":37,"href":"http:\/\/desaparecidos.policiacivil.ba.gov.br\/index.php?rest_route=\/wp\/v2\/pages\/699\/revisions"}],"predecessor-version":[{"id":1395,"href":"http:\/\/desaparecidos.policiacivil.ba.gov.br\/index.php?rest_route=\/wp\/v2\/pages\/699\/revisions\/1395"}],"wp:attachment":[{"href":"http:\/\/desaparecidos.policiacivil.ba.gov.br\/index.php?rest_route=%2Fwp%2Fv2%2Fmedia&parent=699"}],"curies":[{"name":"wp","href":"https:\/\/api.w.org\/{rel}","templated":true}]}}